{"id":5,"date":"2012-10-22T12:42:20","date_gmt":"2012-10-22T11:42:20","guid":{"rendered":"http:\/\/choeurdesecrins.wordpress.com\/?page_id=2"},"modified":"2015-07-26T10:38:12","modified_gmt":"2015-07-26T09:38:12","slug":"about","status":"publish","type":"page","link":"https:\/\/www.choeurdesecrins.fr\/?page_id=5","title":{"rendered":"Pr\u00e9sentation"},"content":{"rendered":"<p><strong>L&rsquo;identit\u00e9 du choeur<\/strong><\/p>\n<div id=\"attachment_126\" style=\"width: 310px\" class=\"wp-caption aligncenter\"><a href=\"http:\/\/www.choeurdesecrins.fr\/wp-content\/uploads\/2013\/04\/bassin.jpg\"><img loading=\"lazy\" decoding=\"async\" aria-describedby=\"caption-attachment-126\" class=\"size-medium wp-image-126\" src=\"http:\/\/www.choeurdesecrins.fr\/wp-content\/uploads\/2013\/04\/bassin-300x225.jpg\" alt=\"Le bassin\" width=\"300\" height=\"225\" srcset=\"https:\/\/www.choeurdesecrins.fr\/wp-content\/uploads\/2013\/04\/bassin-300x225.jpg 300w, https:\/\/www.choeurdesecrins.fr\/wp-content\/uploads\/2013\/04\/bassin-624x468.jpg 624w, https:\/\/www.choeurdesecrins.fr\/wp-content\/uploads\/2013\/04\/bassin.jpg 900w\" sizes=\"(max-width: 300px) 100vw, 300px\" \/><\/a><p id=\"caption-attachment-126\" class=\"wp-caption-text\">Le bassin<\/p><\/div>\n<p>Le \u00ab Ch\u0153ur des Ecrins \u00bb, groupe vocal et instrumental mixte du Valbonnais dans l\u2019Is\u00e8re, rassemble entre trente et trente cinq Choristes r\u00e9partis en quatre pupitres, trois instrumentistes et un chef de Ch\u0153ur.<\/p>\n<p>Il est juridiquement rattach\u00e9 \u00e0 l\u2019Association des \u00ab Vall\u00e9es du Valbonnais \u00bb dans le cadre de la loi du 29 juillet 1901.<\/p>\n<p><strong>L&rsquo;historique du choeur<\/strong><\/p>\n<p>Le Ch\u0153ur a \u00e9t\u00e9 cr\u00e9\u00e9 en octobre 2001, au sein d\u2019une premi\u00e8re association loi 1901, dont il a emprunt\u00e9 l\u2019acronyme VALB (Valbonnais Activit\u00e9s loisirs Bienvenue). Devenu autonome en 2004, il a initi\u00e9 la cr\u00e9ation de l\u2019association des \u00abVall\u00e9es du Valbonnais \u00bb, t\u00e9moignant de son attachement \u00e0 l&rsquo;ancien canton sud is\u00e9rois.<\/p>\n<p>Depuis octobre 2007, il s\u2019est identifi\u00e9 au symbole g\u00e9ographique local, le massif des Ecrins, massif granitique externe des Alpes du nord, devenant le \u00ab Ch\u0153ur des Ecrins \u00bb<\/p>\n<p>il apporte d\u00e9sormais, un label culturel, aux entit\u00e9s homonymiques existantes que sont le \u00ab Parc National des Ecrins \u00bb et l\u2019appellation de la source d\u2019eau min\u00e9rale naturelle \u00ab Val\u00e9crin. \u00bb. Son premier concert sous cette nouvelle identit\u00e9 a eu lieu le samedi 10 novembre 2007 \u00e0 Sousville.<\/p>\n<div id=\"attachment_80\" style=\"width: 310px\" class=\"wp-caption aligncenter\"><a href=\"http:\/\/www.choeurdesecrins.fr\/wp-content\/uploads\/2013\/04\/chorale1001.jpg\"><img loading=\"lazy\" decoding=\"async\" aria-describedby=\"caption-attachment-80\" class=\"size-medium wp-image-80\" src=\"http:\/\/www.choeurdesecrins.fr\/wp-content\/uploads\/2013\/04\/chorale1001-300x199.jpg\" alt=\"Concert\" width=\"300\" height=\"199\" srcset=\"https:\/\/www.choeurdesecrins.fr\/wp-content\/uploads\/2013\/04\/chorale1001-300x199.jpg 300w, https:\/\/www.choeurdesecrins.fr\/wp-content\/uploads\/2013\/04\/chorale1001.jpg 500w\" sizes=\"(max-width: 300px) 100vw, 300px\" \/><\/a><p id=\"caption-attachment-80\" class=\"wp-caption-text\">Concert<\/p><\/div>\n<p><strong>Les objectifs<\/strong><\/p>\n<p>Le ch\u0153ur a pour mission d\u2019offrir \u00e0 tous ceux qui le souhaitent, la possibilit\u00e9 de pratiquer une activit\u00e9 artistique autour du chant choral dans le \u00a0Valbonnais.<\/p>\n<p>Il a accept\u00e9 de se produire en concerts, gratuitement, partout o\u00f9 il sera sollicit\u00e9, donnant priorit\u00e9 aux communes locales pour des \u00e9v\u00e8nements r\u00e9currents ou spontan\u00e9s.<\/p>\n<p>Le ch\u0153ur a choisi de favoriser des rencontres avec d\u2019autres formations artistiques locales ou ext\u00e9rieures \u00e9quivalentes, dans le respect de la la\u00efcit\u00e9, du pluralisme culturel et de l\u2019esprit amical de l\u2019amateurisme.<\/p>\n","protected":false},"excerpt":{"rendered":"<p>L&rsquo;identit\u00e9 du choeur Le \u00ab Ch\u0153ur des Ecrins \u00bb, groupe vocal et instrumental mixte du Valbonnais dans l\u2019Is\u00e8re, rassemble entre trente et trente cinq Choristes r\u00e9partis en quatre pupitres, trois instrumentistes et un chef de Ch\u0153ur. Il est juridiquement rattach\u00e9 &hellip; <a href=\"https:\/\/www.choeurdesecrins.fr\/?page_id=5\">Continuer la lecture <span class=\"meta-nav\">&rarr;<\/span><\/a><\/p>\n","protected":false},"author":3,"featured_media":0,"parent":0,"menu_order":1,"comment_status":"closed","ping_status":"closed","template":"","meta":{"footnotes":""},"_links":{"self":[{"href":"https:\/\/www.choeurdesecrins.fr\/index.php?rest_route=\/wp\/v2\/pages\/5"}],"collection":[{"href":"https:\/\/www.choeurdesecrins.fr\/index.php?rest_route=\/wp\/v2\/pages"}],"about":[{"href":"https:\/\/www.choeurdesecrins.fr\/index.php?rest_route=\/wp\/v2\/types\/page"}],"author":[{"embeddable":true,"href":"https:\/\/www.choeurdesecrins.fr\/index.php?rest_route=\/wp\/v2\/users\/3"}],"replies":[{"embeddable":true,"href":"https:\/\/www.choeurdesecrins.fr\/index.php?rest_route=%2Fwp%2Fv2%2Fcomments&post=5"}],"version-history":[{"count":7,"href":"https:\/\/www.choeurdesecrins.fr\/index.php?rest_route=\/wp\/v2\/pages\/5\/revisions"}],"predecessor-version":[{"id":525,"href":"https:\/\/www.choeurdesecrins.fr\/index.php?rest_route=\/wp\/v2\/pages\/5\/revisions\/525"}],"wp:attachment":[{"href":"https:\/\/www.choeurdesecrins.fr\/index.php?rest_route=%2Fwp%2Fv2%2Fmedia&parent=5"}],"curies":[{"name":"wp","href":"https:\/\/api.w.org\/{rel}","templated":true}]}}