{"id":430,"date":"2013-11-27T19:26:53","date_gmt":"2013-11-27T18:26:53","guid":{"rendered":"http:\/\/www.choeurdesecrins.fr\/?page_id=430"},"modified":"2013-12-04T17:47:27","modified_gmt":"2013-12-04T16:47:27","slug":"assemblee-generale-annuelle-du-choeur-des-ecrins-22-novembre-2013","status":"publish","type":"page","link":"https:\/\/www.choeurdesecrins.fr\/?page_id=430","title":{"rendered":"Assembl\u00e9e G\u00e9n\u00e9rale annuelle du Ch\u0153ur des Ecrins, 22 novembre 2013"},"content":{"rendered":"<p><strong>Assembl\u00e9e G\u00e9n\u00e9rale annuelle du Ch\u0153ur des Ecrins <\/strong><\/p>\n<p>Vendredi 22 novembre 2013, 18h, salle polyvalente de Valbonnais<\/p>\n<p><em>Intervention d\u2019Alain Paolucci : Pr\u00e9sident actif et chef de Choeur<\/em><\/p>\n<p>1) Bienvenue \u00e0 tous les pr\u00e9sents :<br \/>\nExcus\u00e9s : Maxime Vial, Charles Galvin, Fabien Mulik, Alain Mistral, Denis Mac\u00e9, Roland Michon<\/p>\n<p>2) D\u00e9roulement de la s\u00e9ance : Bilan moral : Bilan financier : questions \u00e9ventuelles avant approbation et pot de l\u2019amiti\u00e9<\/p>\n<p>3) Pr\u00e9sentation et effectifs<br \/>\nLe Ch\u0153ur des Ecrins va entrer dans sa treizi\u00e8me ann\u00e9e, toujours anim\u00e9 du d\u00e9sir de continuer \u00e0 \u00e9toffer et \u00e0 offrir au public un r\u00e9pertoire vari\u00e9 de plus d\u2019une centaine de chansons, pr\u00e9sent\u00e9es \u00e0 l\u2019occasion des 130 concerts et animations effectu\u00e9es depuis sa cr\u00e9ation en octobre 2001.<br \/>\nIl compte un peu plus d\u2019une centaine d\u2019adh\u00e9rents, cotisants en 2013.<br \/>\nNotre effectif, est \u00e0 l\u2019heure actuelle officiellement de 35 choristes, 3 instrumentistes et un chef de ch\u0153ur. Cette ann\u00e9e nous avons eu le plaisir et l\u2019honneur d\u2019accueillir 3 nouveaux talents en la personne de Madame Faure (Tri\u00e8ves) ainsi que Madame et Monsieur Guignier (Beaumont). Inutile de vous dire que nous appr\u00e9cierons d\u2019ores et d\u00e9j\u00e0 la venue de toutes les bonnes volont\u00e9s qui souhaiteront partager avec nous ces moments culturels et festifs de pratique artistique vocale.<\/p>\n<p>4) Remerciements<br \/>\nJe voudrais, tout d\u2019abord, saluer et remercier les \u00e9lus de Valbonnais, et en particulier le Maire, Monsieur Denis Mac\u00e9, ici pr\u00e9sent, pour l\u2019aide mat\u00e9rielle et la mise \u00e0 disposition gratuite des diff\u00e9rentes structures locales officielles de la commune en fonction de nos manifestations\u2026<\/p>\n<p>Remercier \u00e9galement les repr\u00e9sentants d\u00e9partementaux que sont les Conseillers G\u00e9n\u00e9raux des cantons de Corps et de Valbonnais, ainsi que les membres du Bureau de la 2C2V, et leur Pr\u00e9sident, Mr Alain Mistral, pour leur soutien financier qui nous permet, chaque ann\u00e9e, de p\u00e9renniser la qualit\u00e9 de la programmation et de l\u2019organisation de la f\u00eate de la musique.<\/p>\n<p>Un grand merci \u00e0 tous les membres adh\u00e9rents \u00e0 notre association, soutiens fid\u00e8les, omnipr\u00e9sents lors de nos interventions locales, et de nos soir\u00e9es de rencontres amicales, dont certains ont parcouru beaucoup de Km pour \u00eatre parmi nous ce soir,<\/p>\n<p>Un grand merci \u00e9galement \u00e0 tous les conjoints et amis b\u00e9n\u00e9voles qui nous viennent en aide localement et r\u00e9guli\u00e8rement sur le plan logistique, transport, cr\u00e9ation des affiches, stockage, installation et rangement du mat\u00e9riel, lors de la pr\u00e9paration technique et \u00e0 l\u2019issue des concerts.<\/p>\n<p>Remerciements encore \u00e0 Monsieur Roland Michon, correspondant local du DL, dont les analyses toujours bienveillantes de nos prestations t\u00e9moignent, de son attachement et sa reconnaissance \u00e0 la valeur culturelle et repr\u00e9sentative de notre groupe vocal.<\/p>\n<p>5) Vie du Choeur<br \/>\nLe Ch\u0153ur a v\u00e9cu cette ann\u00e9e encore, des moments musicaux et des rencontres amicales conviviales et socioculturelles riches en \u00e9motions.<br \/>\nIl a v\u00e9cu aussi des moments tristement \u00e9mouvants, partageant avec une sinc\u00e8re fraternit\u00e9 les \u00e9preuves douloureuses v\u00e9cues et subies sous diverses formes, par certains de ses membres et leur famille.<\/p>\n<p>6) Documents et m\u00e9dias<br \/>\nIl a propos\u00e9 au public, en d\u00e9but d\u2019ann\u00e9e, son second CD, enregistr\u00e9 au temple de Mens en mars 2012, gr\u00e2ce \u00e0 l\u2019aptitude musicale et la comp\u00e9tence technique de JF Moisand, jointes \u00e0 la dext\u00e9rit\u00e9 photographique et la maitrise de l\u2019outil informatique de Gilbert Vigne, ancien choriste.<br \/>\nSous la direction et la comp\u00e9tence professionnelle de David Simms, il a remis \u00e0 jour son site internet (www.choeurdesecrins.fr ) sur lequel il diffuse r\u00e9guli\u00e8rement les informations l\u00e9gales sur les activit\u00e9s et la vie associative de la chorale ainsi que les dates et lieux des concerts \u00e0 venir.<br \/>\nOn peut \u00e9galement \u00e9couter le choeur sur \u00abYou Tube \u00bb gr\u00e2ce \u00e0 la diligence de Messieurs Demander et Chartier, qui ont fait preuve de beaucoup de g\u00e9n\u00e9rosit\u00e9 et de comp\u00e9tence technique pour exposer favorablement sur internet les qualit\u00e9s artistiques et p\u00e9dagogiques de notre groupe.<\/p>\n<p>7) R\u00e9trospective chronologique des \u00e9v\u00e8nements qui ont marqu\u00e9 2013<br \/>\nA) les concerts<br \/>\nDepuis la derni\u00e8re AG, nous avons particip\u00e9 \u00e0 12 concerts officiels, seuls ou en compagnie d\u2019autres formations musicales.<br \/>\nCe fut d\u2019abord le traditionnel Concert biennal de No\u00ebl \u00e0 Valbonnais en compagnie de la \u00ab Belle \u00e9poque \u00bb de la Mure<br \/>\nSuivi d\u2019un d\u00e9placement \u00e0 la tronche (\u00e9glise St Ferjus) en mars 2013 invit\u00e9 par la chorale M\u00e9lisande de Grenoble.<br \/>\nInvit\u00e9 ensuite, du \u00ab Cantorissum \u00bb ch\u0153ur d\u2019hommes de l\u2019Oisans \u00e0 Mont de Lans, d\u00e9but mai.<br \/>\nInvit\u00e9 encore aux c\u00e9r\u00e9monies officielles de l\u2019anniversaire du Jumelage de la ville de la Mure avec son homologue allemande \u00e0 la fin du mois de mai, au complexe sportif, en compagnie des autres formations artistiques de la Mure.<br \/>\nJ\u2019en profite pour remercier le \u00ab comit\u00e9 de jumelage \u00bb et en particulier son Pr\u00e9sident, Monsieur Eric Bonnier.<\/p>\n<p>Puis ce fut un peu d\u2019exotisme, avec un d\u00e9placement en Italie \u00e0 Giaveno, d\u00e9but juin, pour un week-end de culture historique et 2 concerts en compagnie du \u00ab Coro Valsengone \u00bb, que nous avions re\u00e7u un an plus t\u00f4t pour la f\u00eate de la musique et la c\u00e9r\u00e9monie officielle de remise des Palmes Acad\u00e9miques \u00e0 notre Chef de Ch\u0153ur.<br \/>\nF\u00eate de la musique fin juin \u00e0 Valbonnais en compagnie de la \u00ab Chorale des grecs de Grenoble \u00bb Orph\u00e9e et \u00e0 la Valette avec \u00ab Polyfemna \u00bb, ch\u0153ur de dames de l\u2019Oisans.<br \/>\nApr\u00e8s la p\u00e9riode de vacance de juillet, reprise d\u00e9but ao\u00fbt \u00e0 Allemont et fin ao\u00fbt pour c\u00e9l\u00e9brer la St Barth\u00e9lemy, pr\u00e9cis\u00e9ment \u00e0 St Barth\u00e8lemy de S\u00e9chilienne.<br \/>\nD\u00e9but Septembre, le Ch\u0153ur a envahi avec plaisir l\u2019immense salle des f\u00eates de Sousville, gr\u00e2ce \u00e0 la complicit\u00e9 de son parrain, Maire de la commune, Don Maxime Vial, avant de b\u00e9n\u00e9ficier 2 semaines plus tard, de l\u2019habituel et inconditionnel accueil du fid\u00e8le public orichon, et du soutien de son Maire, Monsieur Alain Luc.<br \/>\nNotre derni\u00e8re intervention a eu lieu \u00e0 la salle des f\u00eates de Si\u00e9voz, il y a une semaine pour animer la journ\u00e9e socioculturelle annuelle offerte conjointement \u00e0 leurs anciens par les \u00e9lus des communes de Sievoz et Oris en Rattier.<br \/>\nNous avions \u00e9t\u00e9 pressentis pour soutenir le T\u00e9l\u00e9thon 2013, \u00e0 la Mure le 6 d\u00e9cembre, mais il semble, d\u2019apr\u00e8s les affiches officielles, que les responsables locaux de cette manifestation aient fait un autre choix : nous ne pouvons que souhaiter que les intemp\u00e9ries qui nous avaient contraints \u00e0 renoncer l\u2019an dernier, ne viennent pas \u00e0 nouveau poser des probl\u00e8mes d\u2019organisation aux animateurs de cette soir\u00e9e caritative.<br \/>\nB) les autres participations<br \/>\nLe Ch\u0153ur des Ecrins a, n\u2019oublions pas, r\u00e9pondu spontan\u00e9ment et favorablement aux responsables b\u00e9n\u00e9voles locaux de la FNACA par un acte d\u2019action civique, le 19 mars, date d\u00e9sormais officielle de comm\u00e9moration nationale de la fin des hostilit\u00e9s en Alg\u00e9rie, en interpr\u00e9tant l\u2019hymne national devant les monuments aux morts de Chantelouve et Entraigues en l\u2019honneur de deux jeunes combattants tomb\u00e9s au champ d\u2019honneur. Il a particip\u00e9 \u00e9galement \u00e0 la c\u00e9r\u00e9monie officielle du 11 novembre, toujours \u00e0 Entraigues, pour c\u00e9l\u00e9brer le 70\u00e8me anniversaire de la rafle du 11 novembre 1943 \u00e0 Grenoble, au cours de laquelle Edmond Gallet, originaire de la commune, fut embarqu\u00e9 et perdit la vie au cours de sa d\u00e9portation.<\/p>\n<p>8) Conclusion<br \/>\nAvant de clore, ce bilan moral et d\u2019aborder les projets pour l\u2019exercice suivant, je souhaite remercier les choristes et instrumentistes pour leur engagement, leur application, leur sens de l\u2019effort et des responsabilit\u00e9s qui permettent de l\u00e9gitimer \u00e0 notre association l\u2019honneur de valoriser et honorer ce petit coin de France, qu\u2019elle contribue \u00e0 faire d\u00e9couvrir et appr\u00e9cier, bien au-del\u00e0 de notre canton.<br \/>\nJe tiens \u00e0 saluer \u00e9galement, les membres du bureau pour leur investissement compl\u00e9mentaire efficace et d\u00e9sint\u00e9ress\u00e9, leur travail dans l\u2019ombre, qui lib\u00e8re le Ch\u0153ur de tous les soucis administratifs, relationnels, de gestion financi\u00e8re et cotisations, de pr\u00e9paration, mise en place et suivi des r\u00e9ceptions, logistique et transports, d\u00e9coration et rangement des locaux. Je leur adresse, au nom de tous, nos sinc\u00e8res remerciements.<\/p>\n<p>9) Projets 2014<br \/>\nPas de concert de No\u00ebl pr\u00e9vu cette ann\u00e9e<\/p>\n<p>Pour l\u2019an prochain, nous envisageons d\u2019inviter prioritairement les groupes chez lesquels nous nous sommes d\u00e9j\u00e0 rendus. Je peux d\u2019ores et d\u00e9j\u00e0 vous faire part de certains engagements que nous devrons prendre suffisamment t\u00f4t pour en assurer l\u2019organisation mat\u00e9rielle.<\/p>\n<p>Nous irons \u00e0 Corps au mois de F\u00e9vrier<br \/>\nNous recevrons la Chorale M\u00e9lisande de Grenoble le 12 avril, 18h \u00e0 l\u2019\u00e9glise d\u2019Entraigues.<br \/>\nNous irons \u00e0 Theys, le 24 Mai, sur invitation du groupe local \u00ab la Chantarine \u00bb .<br \/>\nNous recevrons pour la f\u00eate de la musique la \u00ab Corale Alpina Savonesa \u00bb, ch\u0153ur d\u2019hommes de Savona (Italie) chez qui nous f\u00fbmes invit\u00e9s d\u00e9but d\u00e9cembre 2011<br \/>\nNous devrons \u00e9galement penser \u00e0 la chorale \u00ab UT \u00bb de la Tour du Pin, qui nous re\u00e7ut, il y a 1 an \u00e0 St Victor de Cessieu, ainsi qu\u2019au \u00ab Cantorissum \u00bb de Bourg d\u2019Oisans avec lequel nous avons chant\u00e9, ce printemps.<br \/>\nJe rappelle que nous sommes toujours \u00e0 la disposition des localit\u00e9s et associations locales, pour une intervention officielle ou \u00e0 caract\u00e8re festif, \u00e0 condition qu\u2019elles nous sollicitent \u00e0 temps et nous pr\u00e9cisent clairement leur objectif.<\/p>\n<p>10) Epilogue<br \/>\nVoil\u00e0 pour ce bilan annuel, je vous remercie de m\u2019avoir \u00e9cout\u00e9 jusqu\u2019au bout en esp\u00e9rant continuer \u00e0 compter sur votre aimable soutien, avant de laisser \u00e0 Patricia Clavel, le soin de nous exposer et faire appr\u00e9cier la rigueur de sa gestion financi\u00e8re.<br \/>\nVous aurez ensuite la parole, pour d\u2019\u00e9ventuels compl\u00e9ments d\u2019information et apr\u00e8s l\u2019approbation des rapports, nous pourrons nous approcher de la table en souhaitant longue vie et r\u00e9ussite au \u00ab Ch\u0153ur des Ecrins \u00bb.<\/p>\n","protected":false},"excerpt":{"rendered":"<p>Assembl\u00e9e G\u00e9n\u00e9rale annuelle du Ch\u0153ur des Ecrins Vendredi 22 novembre 2013, 18h, salle polyvalente de Valbonnais Intervention d\u2019Alain Paolucci : Pr\u00e9sident actif et chef de Choeur 1) Bienvenue \u00e0 tous les pr\u00e9sents : Excus\u00e9s : Maxime Vial, Charles Galvin, Fabien &hellip; <a href=\"https:\/\/www.choeurdesecrins.fr\/?page_id=430\">Continuer la lecture <span class=\"meta-nav\">&rarr;<\/span><\/a><\/p>\n","protected":false},"author":3,"featured_media":0,"parent":14,"menu_order":0,"comment_status":"closed","ping_status":"closed","template":"","meta":{"footnotes":""},"_links":{"self":[{"href":"https:\/\/www.choeurdesecrins.fr\/index.php?rest_route=\/wp\/v2\/pages\/430"}],"collection":[{"href":"https:\/\/www.choeurdesecrins.fr\/index.php?rest_route=\/wp\/v2\/pages"}],"about":[{"href":"https:\/\/www.choeurdesecrins.fr\/index.php?rest_route=\/wp\/v2\/types\/page"}],"author":[{"embeddable":true,"href":"https:\/\/www.choeurdesecrins.fr\/index.php?rest_route=\/wp\/v2\/users\/3"}],"replies":[{"embeddable":true,"href":"https:\/\/www.choeurdesecrins.fr\/index.php?rest_route=%2Fwp%2Fv2%2Fcomments&post=430"}],"version-history":[{"count":5,"href":"https:\/\/www.choeurdesecrins.fr\/index.php?rest_route=\/wp\/v2\/pages\/430\/revisions"}],"predecessor-version":[{"id":438,"href":"https:\/\/www.choeurdesecrins.fr\/index.php?rest_route=\/wp\/v2\/pages\/430\/revisions\/438"}],"up":[{"embeddable":true,"href":"https:\/\/www.choeurdesecrins.fr\/index.php?rest_route=\/wp\/v2\/pages\/14"}],"wp:attachment":[{"href":"https:\/\/www.choeurdesecrins.fr\/index.php?rest_route=%2Fwp%2Fv2%2Fmedia&parent=430"}],"curies":[{"name":"wp","href":"https:\/\/api.w.org\/{rel}","templated":true}]}}