{"id":454,"date":"2014-06-28T20:55:10","date_gmt":"2014-06-28T19:55:10","guid":{"rendered":"http:\/\/www.choeurdesecrins.fr\/?page_id=454"},"modified":"2014-12-26T16:55:30","modified_gmt":"2014-12-26T15:55:30","slug":"fete-de-la-musique-2014","status":"publish","type":"page","link":"http:\/\/www.choeurdesecrins.fr\/?page_id=454","title":{"rendered":"F\u00eate de la musique 2014"},"content":{"rendered":"<p>Le \u00ab\u00a0choeur\u00a0\u00bb a re\u00e7u \u00e0 cette grande occasion annuelle, la \u00ab\u00a0corale alpina savonese\u00a0\u00bb, choeur masculin de Savona (Ligurie).<\/p>\n<p>Le samedi 21 juin \u00e0 20h30 dans une \u00e9glise de Valbonnais, pleine \u00e0 craquer, en pr\u00e9sence de Denis Mac\u00e9, Maire de la commune et de Alain Luc, Maire de la commune d&rsquo;Oris en Rattier.<\/p>\n<p><a href=\"http:\/\/www.choeurdesecrins.fr\/wp-content\/uploads\/2014\/08\/Valbonnais-Choeur-des-Ecrins-1.jpg\"><img loading=\"lazy\" decoding=\"async\" src=\"http:\/\/www.choeurdesecrins.fr\/wp-content\/uploads\/2014\/08\/Valbonnais-Choeur-des-Ecrins-1-1024x768.jpg\" alt=\"Valbonnais - Choeur des Ecrins 1\" width=\"640\" height=\"480\" class=\"aligncenter size-large wp-image-462\" srcset=\"http:\/\/www.choeurdesecrins.fr\/wp-content\/uploads\/2014\/08\/Valbonnais-Choeur-des-Ecrins-1-1024x768.jpg 1024w, http:\/\/www.choeurdesecrins.fr\/wp-content\/uploads\/2014\/08\/Valbonnais-Choeur-des-Ecrins-1-300x225.jpg 300w\" sizes=\"(max-width: 640px) 100vw, 640px\" \/><\/a><\/p>\n<p>Le \u00ab\u00a0choeur des Ecrins\u00a0\u00bb a d\u00e9but\u00e9 la soir\u00e9e avec huit nouvelles chansons, avant d&rsquo;accueillir le Choeur italien, qui a gratifi\u00e9 le public d&rsquo;un programme de chants vari\u00e9s aux harmonies chaudes et color\u00e9es, parfois m\u00eame en langue fran\u00e7aise.<\/p>\n<p><a href=\"http:\/\/www.choeurdesecrins.fr\/wp-content\/uploads\/2014\/08\/003.jpg\"><img loading=\"lazy\" decoding=\"async\" src=\"http:\/\/www.choeurdesecrins.fr\/wp-content\/uploads\/2014\/08\/003.jpg\" alt=\"003\" width=\"640\" height=\"480\" class=\"aligncenter size-full wp-image-460\" srcset=\"http:\/\/www.choeurdesecrins.fr\/wp-content\/uploads\/2014\/08\/003.jpg 640w, http:\/\/www.choeurdesecrins.fr\/wp-content\/uploads\/2014\/08\/003-300x225.jpg 300w\" sizes=\"(max-width: 640px) 100vw, 640px\" \/><\/a><\/p>\n<p>Apr\u00e8s un \u00e9change convivial de cadeaux les deux choeurs se sont retrouv\u00e9s \u00e0 la salle polyvalente pour d\u00e9guster une d\u00e9licieuse collation de recettes locales \u00e9labor\u00e9e avec tact et comp\u00e9tence par H\u00e9l\u00e8ne Pinto, responsable du gite \u00ab\u00a0le B\u00e9ranger\u00a0\u00bb \u00e0 Valsenestre.<\/p>\n<p>Le lendemain, dimanche 22 juin, nos h\u00f4tes italiens furent \u00a0convi\u00e9s \u00e0 visiter \u00ab\u00a0la Mine image\u00a0\u00bb, mus\u00e9e original, m\u00e9moire du patrimoine local et de la vie \u00e9conomique et sociale du plateau matheysin, du XX\u00e8me si\u00e8cle.<\/p>\n<p>Un repas en commun fut servi \u00e0 \u00ab\u00a0L&rsquo;Escabeille\u00a0\u00bb, centre d&rsquo;h\u00e9bergement du choeur italien et de ses accompagnateurs.<\/p>\n<p>Un second concert r\u00e9unit \u00e0 nouveau les deux formations, \u00e0 17h en l&rsquo;\u00e9glise, beaucoup trop petite, mais \u00e0 l&rsquo;acoustique exceptionnelle de la Valette, en pr\u00e9sence de Madame Marie-No\u00eblle Battistel, d\u00e9put\u00e9e de l&rsquo;Is\u00e8re et Madame Maryse Barth\u00e9lemy, Maire de la Valette.<\/p>\n<p>Les deux chorales ont offert au public, un r\u00e9pertoire nouveau et ont achev\u00e9 ces deux magnifiques journ\u00e9es par trois oeuvres communes: La Montanara (Ortelli), Ave Maria ( Bepi de Marzi ) et le Choeur des esclaves de Nabucco (Verdi), chant\u00e9es en italien et dirig\u00e9es tour \u00e0 tour par Eugenio Alipede, maestro du choeur italien et Alain Paolucci, \u00e0 la baguette du \u00ab\u00a0Choeur des Ecrins\u00a0\u00bb.<\/p>\n<p><a href=\"http:\/\/www.choeurdesecrins.fr\/wp-content\/uploads\/2014\/08\/La-Valette-Choeur-des-Ecrins-1.jpg\"><img loading=\"lazy\" decoding=\"async\" src=\"http:\/\/www.choeurdesecrins.fr\/wp-content\/uploads\/2014\/08\/La-Valette-Choeur-des-Ecrins-1-1024x768.jpg\" alt=\"La Valette Choeur des Ecrins 1\" width=\"640\" height=\"480\" class=\"aligncenter size-large wp-image-461\" srcset=\"http:\/\/www.choeurdesecrins.fr\/wp-content\/uploads\/2014\/08\/La-Valette-Choeur-des-Ecrins-1-1024x768.jpg 1024w, http:\/\/www.choeurdesecrins.fr\/wp-content\/uploads\/2014\/08\/La-Valette-Choeur-des-Ecrins-1-300x225.jpg 300w\" sizes=\"(max-width: 640px) 100vw, 640px\" \/><\/a><\/p>\n<p>Ce fut avec beaucoup d&rsquo;\u00e9motion que le car italien quitta lentement, en fin d&rsquo;apr\u00e8s-midi, la vall\u00e9e de la Roizonne, pour rejoindre tard dans la nuit, les rives du golfe de G\u00eanes.<\/p>\n<p><a href=\"http:\/\/www.choeurdesecrins.fr\/wp-content\/uploads\/2014\/08\/005.jpg\"><img loading=\"lazy\" decoding=\"async\" src=\"http:\/\/www.choeurdesecrins.fr\/wp-content\/uploads\/2014\/08\/005.jpg\" alt=\"005\" width=\"640\" height=\"480\" class=\"aligncenter size-full wp-image-459\" srcset=\"http:\/\/www.choeurdesecrins.fr\/wp-content\/uploads\/2014\/08\/005.jpg 640w, http:\/\/www.choeurdesecrins.fr\/wp-content\/uploads\/2014\/08\/005-300x225.jpg 300w\" sizes=\"(max-width: 640px) 100vw, 640px\" \/><\/a><\/p>\n","protected":false},"excerpt":{"rendered":"<p>Le \u00ab\u00a0choeur\u00a0\u00bb a re\u00e7u \u00e0 cette grande occasion annuelle, la \u00ab\u00a0corale alpina savonese\u00a0\u00bb, choeur masculin de Savona (Ligurie). Le samedi 21 juin \u00e0 20h30 dans une \u00e9glise de Valbonnais, pleine \u00e0 craquer, en pr\u00e9sence de Denis Mac\u00e9, Maire de la &hellip; <a href=\"http:\/\/www.choeurdesecrins.fr\/?page_id=454\">Continuer la lecture <span class=\"meta-nav\">&rarr;<\/span><\/a><\/p>\n","protected":false},"author":3,"featured_media":0,"parent":339,"menu_order":0,"comment_status":"closed","ping_status":"closed","template":"","meta":{"footnotes":""},"_links":{"self":[{"href":"http:\/\/www.choeurdesecrins.fr\/index.php?rest_route=\/wp\/v2\/pages\/454"}],"collection":[{"href":"http:\/\/www.choeurdesecrins.fr\/index.php?rest_route=\/wp\/v2\/pages"}],"about":[{"href":"http:\/\/www.choeurdesecrins.fr\/index.php?rest_route=\/wp\/v2\/types\/page"}],"author":[{"embeddable":true,"href":"http:\/\/www.choeurdesecrins.fr\/index.php?rest_route=\/wp\/v2\/users\/3"}],"replies":[{"embeddable":true,"href":"http:\/\/www.choeurdesecrins.fr\/index.php?rest_route=%2Fwp%2Fv2%2Fcomments&post=454"}],"version-history":[{"count":6,"href":"http:\/\/www.choeurdesecrins.fr\/index.php?rest_route=\/wp\/v2\/pages\/454\/revisions"}],"predecessor-version":[{"id":465,"href":"http:\/\/www.choeurdesecrins.fr\/index.php?rest_route=\/wp\/v2\/pages\/454\/revisions\/465"}],"up":[{"embeddable":true,"href":"http:\/\/www.choeurdesecrins.fr\/index.php?rest_route=\/wp\/v2\/pages\/339"}],"wp:attachment":[{"href":"http:\/\/www.choeurdesecrins.fr\/index.php?rest_route=%2Fwp%2Fv2%2Fmedia&parent=454"}],"curies":[{"name":"wp","href":"https:\/\/api.w.org\/{rel}","templated":true}]}}